{"id":1177,"date":"2021-11-05T14:08:05","date_gmt":"2021-11-05T13:08:05","guid":{"rendered":"http:\/\/amimuse.org\/?page_id=1177"},"modified":"2021-11-05T14:10:47","modified_gmt":"2021-11-05T13:10:47","slug":"quatre-vents","status":"publish","type":"page","link":"http:\/\/amimuse.org\/?page_id=1177","title":{"rendered":"QUATRE VENTS"},"content":{"rendered":"\n<p class=\"has-text-align-center\">Cliquez sur la page choisie :<\/p>\n\n\n\n<p class=\"has-text-align-center has-header-gradient-color has-text-color\"><strong><a href=\"http:\/\/amimuse.org\/?page_id=989\">Fl\u00fbte<\/a> \u2022 <a href=\"http:\/\/amimuse.org\/?page_id=993\">Clarinette<\/a> \u2022 <a href=\"http:\/\/amimuse.org\/?page_id=1013\">Cor<\/a> \u2022 <a href=\"http:\/\/amimuse.org\/?page_id=1017\">Basson<\/a><\/strong><\/p>\n\n\n\n<p class=\"has-text-align-center\"><strong><a href=\"http:\/\/amimuse.org\/?page_id=1030\">01-Vent de folie<\/a> \u2022 <a href=\"http:\/\/amimuse.org\/?page_id=1033\">02-Fibich<\/a> \u2022 <a href=\"http:\/\/amimuse.org\/?page_id=1041\">03-Remando<\/a> \u2022 <a href=\"http:\/\/amimuse.org\/?page_id=1045\">04-R\u00eaverie<\/a><br><a href=\"http:\/\/amimuse.org\/?page_id=1052\">05-Quintette de Taffanel<\/a> \u2022 <a href=\"http:\/\/amimuse.org\/?page_id=1058\">06-La Comt\u00e9<\/a><br><a href=\"http:\/\/amimuse.org\/?page_id=1064\">07-Concerto pour cor<\/a> \u2022 <a href=\"http:\/\/amimuse.org\/?page_id=1073\">08-Le Mal du pays<\/a> \u2022 <a href=\"http:\/\/amimuse.org\/?page_id=1079\">09-Le joueur de vielle<\/a><br><a href=\"http:\/\/amimuse.org\/?page_id=1089\">10-Valse de mariage<\/a> \u2022 <a href=\"http:\/\/amimuse.org\/?page_id=1106\">11-Grandfather<\/a><\/strong><br><a href=\"http:\/\/amimuse.org\/?page_id=1177\">Ensemble Les Quatre Vents<\/a><\/p>\n\n\n\n<div style=\"height:100px\" aria-hidden=\"true\" class=\"wp-block-spacer\"><\/div>\n\n\n\n<p class=\"has-text-align-center has-accent-color has-text-color\" style=\"font-size:40px\"><strong>L&rsquo;ensemble Les Quatre Vents<\/strong><\/p>\n\n\n\n<p>Les <em>Quatre vents<\/em> ont \u00e9t\u00e9 cr\u00e9\u00e9s il y a quinze ans par des passionn\u00e9s des instruments \u00e0 vent et de la musique dite de chambre, celle qui se joue \u00e0 quelques-uns, charg\u00e9e de couleurs instrumentales chaudes, riche de contrastes et de surprises. Cet ensemble \u00e0 g\u00e9om\u00e9trie variable est issu de l\u2019Orchestre universitaire de Brest, dirig\u00e9 par Jean-Philippe Brun. Les choix musicaux sont vari\u00e9s\u2009: des auteurs des XVIII<sup>e<\/sup> et XIX<sup>e<\/sup>\u202fsi\u00e8cles souvent peu connus (L\u0153illet, Krommer, Wenth, Fiorenza, Wanhall\u2026), parfois c\u00e9l\u00e8bres (Vivaldi, Hasse, Haydn, Mozart, Beethoven\u2026). Les musiciens explorent aussi un r\u00e9pertoire plus contemporain (musiques irlandaises, spectacle Kurt Weill, projet Boris Vian, musiques Klezmer\u2026).<\/p>\n\n\n\n<p>Les Quatre Vents ont jou\u00e9 pr\u00e8s d\u2019une centaine de concerts dans toute la France. Ils ont r\u00e9alis\u00e9 plusieurs fois des tourn\u00e9es estivales (Ari\u00e8ge, C\u00f4tes d\u2019Armor, Queyras, Massif des \u00c9crins, Vercors), et sont mont\u00e9s avec instruments et sacs \u00e0 dos jouer en refuge \u00e0 plus de 2\u2009500 m\u2009!&nbsp;<\/p>\n\n\n\n<p>Ces musiciens aiment \u00e0 partager leur passion et les concerts sont l\u2019occasion de pr\u00e9senter, expliquer et situer les musiques dans leur contexte, cherchant ainsi \u00e0 attirer le plus grand nombre vers la musique dite classique qui se r\u00e9v\u00e8le ni triste ni ennuyeuse. Ils pr\u00e9sentent aussi leurs instruments et leurs musiques aux enfants des \u00e9coles, leur proposant des contes musicaux : <em>L\u2019oie d\u2019or<\/em> ou <em>Le serpent blanc<\/em> des fr\u00e8res Grimm, racont\u00e9s et mis en musique par l\u2019ensemble<\/p>\n\n\n\n<div class=\"wp-block-image\"><figure class=\"aligncenter size-large\"><img loading=\"lazy\" width=\"500\" height=\"339\" src=\"http:\/\/amimuse.org\/wp-content\/uploads\/2021\/11\/Quatre-vents-Refuge-Blanche-28-500.jpg\" alt=\"\" class=\"wp-image-1179\" srcset=\"http:\/\/amimuse.org\/wp-content\/uploads\/2021\/11\/Quatre-vents-Refuge-Blanche-28-500.jpg 500w, http:\/\/amimuse.org\/wp-content\/uploads\/2021\/11\/Quatre-vents-Refuge-Blanche-28-500-300x203.jpg 300w\" sizes=\"(max-width: 500px) 100vw, 500px\" \/><figcaption>Concert au refuge de la Blanche (Saint-V\u00e9ran) en 2009.<\/figcaption><\/figure><\/div>\n\n\n\n<div class=\"wp-block-image\"><figure class=\"aligncenter size-large\"><img loading=\"lazy\" width=\"500\" height=\"351\" src=\"http:\/\/amimuse.org\/wp-content\/uploads\/2021\/11\/Quatre-vents-Kurt-Weill-500.jpg\" alt=\"\" class=\"wp-image-1180\" srcset=\"http:\/\/amimuse.org\/wp-content\/uploads\/2021\/11\/Quatre-vents-Kurt-Weill-500.jpg 500w, http:\/\/amimuse.org\/wp-content\/uploads\/2021\/11\/Quatre-vents-Kurt-Weill-500-300x211.jpg 300w\" sizes=\"(max-width: 500px) 100vw, 500px\" \/><figcaption>Programme Kurt Weill, Brest, le Vauban, en 2013.<\/figcaption><\/figure><\/div>\n\n\n\n<div class=\"wp-block-image\"><figure class=\"aligncenter size-large\"><img loading=\"lazy\" width=\"500\" height=\"339\" src=\"http:\/\/amimuse.org\/wp-content\/uploads\/2021\/11\/Quatre-vents-Concert-Embrun-89-500-det.jpg\" alt=\"\" class=\"wp-image-1181\" srcset=\"http:\/\/amimuse.org\/wp-content\/uploads\/2021\/11\/Quatre-vents-Concert-Embrun-89-500-det.jpg 500w, http:\/\/amimuse.org\/wp-content\/uploads\/2021\/11\/Quatre-vents-Concert-Embrun-89-500-det-300x203.jpg 300w\" sizes=\"(max-width: 500px) 100vw, 500px\" \/><figcaption>Concert \u00e0 Embrun (Hautes-Alpes) en 2011.<\/figcaption><\/figure><\/div>\n\n\n\n<div class=\"wp-block-image\"><figure class=\"aligncenter size-large\"><img loading=\"lazy\" width=\"500\" height=\"338\" src=\"http:\/\/amimuse.org\/wp-content\/uploads\/2021\/11\/Quatre-vents-klezmer-3juil16-500.jpg\" alt=\"\" class=\"wp-image-1182\" srcset=\"http:\/\/amimuse.org\/wp-content\/uploads\/2021\/11\/Quatre-vents-klezmer-3juil16-500.jpg 500w, http:\/\/amimuse.org\/wp-content\/uploads\/2021\/11\/Quatre-vents-klezmer-3juil16-500-300x203.jpg 300w\" sizes=\"(max-width: 500px) 100vw, 500px\" \/><figcaption>Programme klezmer \u00e0 Plougastel en 2016.<\/figcaption><\/figure><\/div>\n","protected":false},"excerpt":{"rendered":"<p>Cliquez sur la page choisie : Fl\u00fbte \u2022 Clarinette \u2022 Cor \u2022 Basson 01-Vent de folie \u2022 02-Fibich \u2022 03-Remando \u2022 04-R\u00eaverie05-Quintette de Taffanel \u2022 06-La Comt\u00e907-Concerto pour cor \u2022 08-Le Mal du pays \u2022 09-Le joueur de vielle10-Valse de mariage \u2022 11-GrandfatherEnsemble Les Quatre Vents L&rsquo;ensemble Les Quatre Vents [&hellip;]<\/p>\n","protected":false},"author":1,"featured_media":929,"parent":0,"menu_order":0,"comment_status":"closed","ping_status":"closed","template":"","meta":[],"_links":{"self":[{"href":"http:\/\/amimuse.org\/index.php?rest_route=\/wp\/v2\/pages\/1177"}],"collection":[{"href":"http:\/\/amimuse.org\/index.php?rest_route=\/wp\/v2\/pages"}],"about":[{"href":"http:\/\/amimuse.org\/index.php?rest_route=\/wp\/v2\/types\/page"}],"author":[{"embeddable":true,"href":"http:\/\/amimuse.org\/index.php?rest_route=\/wp\/v2\/users\/1"}],"replies":[{"embeddable":true,"href":"http:\/\/amimuse.org\/index.php?rest_route=%2Fwp%2Fv2%2Fcomments&post=1177"}],"version-history":[{"count":3,"href":"http:\/\/amimuse.org\/index.php?rest_route=\/wp\/v2\/pages\/1177\/revisions"}],"predecessor-version":[{"id":1185,"href":"http:\/\/amimuse.org\/index.php?rest_route=\/wp\/v2\/pages\/1177\/revisions\/1185"}],"wp:featuredmedia":[{"embeddable":true,"href":"http:\/\/amimuse.org\/index.php?rest_route=\/wp\/v2\/media\/929"}],"wp:attachment":[{"href":"http:\/\/amimuse.org\/index.php?rest_route=%2Fwp%2Fv2%2Fmedia&parent=1177"}],"curies":[{"name":"wp","href":"https:\/\/api.w.org\/{rel}","templated":true}]}}