{"id":1246,"date":"2022-01-12T11:13:10","date_gmt":"2022-01-12T10:13:10","guid":{"rendered":"http:\/\/amimuse.org\/?page_id=1246"},"modified":"2022-02-28T16:01:41","modified_gmt":"2022-02-28T15:01:41","slug":"les-poissons-voyageurs-2","status":"publish","type":"page","link":"http:\/\/amimuse.org\/?page_id=1246","title":{"rendered":"LES POISSONS VOYAGEURS"},"content":{"rendered":"\n<p class=\"has-text-align-center has-header-gradient-color has-text-color has-large-font-size\"><strong>2 CONCERTS LE 26 MARS \u00c0 L&rsquo;AM\u00c9THYSTE<\/strong><\/p>\n\n\n\n<p class=\"has-text-align-center\"><strong>18 h 30 : MUSIQUES KLEZMER<\/strong><br><strong>L\u2019Am\u00e9thyste<\/strong><br><strong>Avec les ateliers et orchestres de Kaniri ar mor<\/strong><\/p>\n\n\n\n<div class=\"wp-block-image\"><figure class=\"aligncenter size-large\"><img loading=\"lazy\" width=\"800\" height=\"304\" src=\"http:\/\/amimuse.org\/wp-content\/uploads\/2022\/01\/Kaniri-Amethyste-18juin21-45-800.jpg\" alt=\"\" class=\"wp-image-1252\" srcset=\"http:\/\/amimuse.org\/wp-content\/uploads\/2022\/01\/Kaniri-Amethyste-18juin21-45-800.jpg 800w, http:\/\/amimuse.org\/wp-content\/uploads\/2022\/01\/Kaniri-Amethyste-18juin21-45-800-300x114.jpg 300w, http:\/\/amimuse.org\/wp-content\/uploads\/2022\/01\/Kaniri-Amethyste-18juin21-45-800-768x292.jpg 768w\" sizes=\"(max-width: 800px) 100vw, 800px\" \/><\/figure><\/div>\n\n\n\n<p class=\"has-text-align-left\"><br>La musique klezmer est, \u00e0 l\u2019origine, la musique des baladins juifs ashk\u00e9nazes d\u2019Europe de l\u2019Est, colport\u00e9e de f\u00eates en f\u00eates dans toute l\u2019Europe de l\u2019Est (Russie, Ukraine, Pologne, Roumanie, Bulgarie, Autriche, Hongrie\u2026) depuis le Moyen \u00c2ge. Cette musique est toujours aussi composite, puisant sans cesse dans la tradition tout en se renouvelant dans les courants classiques, jazz et musiques actuelles. Les ensembles de l\u2019\u00e9cole intercommunale de musique et danse \u00ab\u00a0Kaniri ar mor\u00a0\u00bb vous proposeront un panel de pi\u00e8ces musicales vari\u00e9es afin de vous faire d\u00e9couvrir l\u2019\u00e2me de cette musique vivante et multis\u00e9culaire.<\/p>\n\n\n\n<p class=\"has-text-align-center has-large-font-size\"><strong>SWING ET BALKANS<\/strong><br><strong>20 h 30 &#8211; LES POISSONS VOYAGEURS<\/strong><\/p>\n\n\n\n<div class=\"wp-block-image\"><figure class=\"aligncenter size-large\"><img loading=\"lazy\" width=\"700\" height=\"389\" src=\"http:\/\/amimuse.org\/wp-content\/uploads\/2022\/01\/Poissons-Voyageurs-700.jpg\" alt=\"\" class=\"wp-image-1248\" srcset=\"http:\/\/amimuse.org\/wp-content\/uploads\/2022\/01\/Poissons-Voyageurs-700.jpg 700w, http:\/\/amimuse.org\/wp-content\/uploads\/2022\/01\/Poissons-Voyageurs-700-300x167.jpg 300w\" sizes=\"(max-width: 700px) 100vw, 700px\" \/><figcaption>Photos Cl\u00e9ment Vallery<\/figcaption><\/figure><\/div>\n\n\n\n<p>Le collectif franco-belge des Poissons voyageurs na\u00eet un jour de printemps 2008, de l\u2019esprit vagabond d\u2019un surfeur-traducteur-interpr\u00e8te, qui souhaite se convertir au voyage sans limite et \u00e0 la contrebasse. C&rsquo;est ainsi qu&rsquo;il r\u00e9unit un camion blanc, quelques 27 musiciens qui y prendront place tour \u00e0 tour, et un r\u00e9pertoire que jalouseraient les collecteurs de tradition orale, pour 10 pleines ann\u00e9es de voyage.<\/p>\n\n\n\n<p>Inspir\u00e9s des tavernes moldaves, des postes fronti\u00e8res ukrainiens et des paysages volcaniques des \u00eeles Canaries, les Poissons voyageurs rassemblent et composent un r\u00e9pertoire qui ressemble \u00e0 leur vie : une belle poign\u00e9e d\u2019humour dans une bonne dose de musique amoureusement travaill\u00e9e, aux accents swing et balkaniques.&nbsp;<\/p>\n\n\n\n<p>Johnny Sunshine \u00e0 la voix et contrebasse,&nbsp;Louis Boudot \u00e0 la guitare manouche,&nbsp;Jonas Malfliet \u00e0 l&rsquo;accord\u00e9on diabolique,&nbsp;Et Coline Ellouz \u00e0 la clarinette jazz et Balkans.&nbsp;Qui a dit que les poissons \u00e9taient une esp\u00e8ce paisible ?&nbsp;<\/p>\n\n\n\n<p class=\"has-text-align-center\">18 h 30 &#8211; Concert musique Klezmer : gratuit<br>R\u00e9servation obligatoire \u00e0 <a href=\"mailto:kaniri@free.fr\">kaniri@free.fr<\/a> ou au 02 98 17 04 86<\/p>\n\n\n\n<p class=\"has-text-align-center\"><br>20 h 30 &#8211; Les Poissons voyageurs : 8 \u20ac &#8211; 5 \u20ac<br>Gratuit pour les moins de 16 ans et les \u00e9l\u00e8ves de l&rsquo;\u00e9cole de musique. <br>R\u00e9servation une semaine avant le concert : Librairie Le Parchemin, Crozon.<\/p>\n","protected":false},"excerpt":{"rendered":"<p>2 CONCERTS LE 26 MARS \u00c0 L&rsquo;AM\u00c9THYSTE 18 h 30 : MUSIQUES KLEZMERL\u2019Am\u00e9thysteAvec les ateliers et orchestres de Kaniri ar mor La musique klezmer est, \u00e0 l\u2019origine, la musique des baladins juifs ashk\u00e9nazes d\u2019Europe de l\u2019Est, colport\u00e9e de f\u00eates en f\u00eates dans toute l\u2019Europe de l\u2019Est (Russie, Ukraine, Pologne, Roumanie, [&hellip;]<\/p>\n","protected":false},"author":1,"featured_media":1247,"parent":0,"menu_order":0,"comment_status":"closed","ping_status":"closed","template":"","meta":[],"_links":{"self":[{"href":"http:\/\/amimuse.org\/index.php?rest_route=\/wp\/v2\/pages\/1246"}],"collection":[{"href":"http:\/\/amimuse.org\/index.php?rest_route=\/wp\/v2\/pages"}],"about":[{"href":"http:\/\/amimuse.org\/index.php?rest_route=\/wp\/v2\/types\/page"}],"author":[{"embeddable":true,"href":"http:\/\/amimuse.org\/index.php?rest_route=\/wp\/v2\/users\/1"}],"replies":[{"embeddable":true,"href":"http:\/\/amimuse.org\/index.php?rest_route=%2Fwp%2Fv2%2Fcomments&post=1246"}],"version-history":[{"count":5,"href":"http:\/\/amimuse.org\/index.php?rest_route=\/wp\/v2\/pages\/1246\/revisions"}],"predecessor-version":[{"id":1286,"href":"http:\/\/amimuse.org\/index.php?rest_route=\/wp\/v2\/pages\/1246\/revisions\/1286"}],"wp:featuredmedia":[{"embeddable":true,"href":"http:\/\/amimuse.org\/index.php?rest_route=\/wp\/v2\/media\/1247"}],"wp:attachment":[{"href":"http:\/\/amimuse.org\/index.php?rest_route=%2Fwp%2Fv2%2Fmedia&parent=1246"}],"curies":[{"name":"wp","href":"https:\/\/api.w.org\/{rel}","templated":true}]}}